{"id":104,"date":"2012-02-13T18:42:09","date_gmt":"2012-02-13T16:42:09","guid":{"rendered":"https:\/\/www.diwie.eu\/wordpress\/juni\/"},"modified":"2018-08-09T08:57:55","modified_gmt":"2018-08-09T06:57:55","slug":"juni","status":"publish","type":"page","link":"https:\/\/www.Diwie.eu\/wordpress\/juni\/","title":{"rendered":"Juni"},"content":{"rendered":"<\/p><blockquote class=\"PWGP_caption\"><h1>Schnitt bei fr&uuml;hbl&uuml;henden Clematis<\/h1><p> <center><img decoding=\"async\" src=\"https:\/\/www.diwie.eu\/wordpress\/wp-content\/uploads\/GartenundGardenAgenda\/Juni\/GartenarbeitJuni\/Clematis-Schnitt.webp\" class=\"foobox\"><\/center> <\/p><\/blockquote><blockquote class=\"PWGP_caption\"><div class=\"PWGP_desc\">Die bereits im Mai bl&uuml;henden Clematis, haben bereits im Fr&uuml;hjahr Bl&uuml;tenknospen. Sollte ein Schnitt aus Platzgr&uuml;nden notwendig sein, darf dieser erst nach der Bl&uuml;te, Ende Juni, erfolgen. Bei Bedarf kann ein Verj&uuml;ngungsschnitt im November erfolgen, alle Triebe werden 10 cm oberhalb des Bodens gekappt. Die Pflanze treibt im folgenden Jahr wie neu gepflanzt aus.<\/div><p><?php echo do_shortcode('[paypal_for_digital_goods name=\"Fotokauf\" price=\"4\" url=\"https:\/\/diwie.dynv6.net:81\/dyn\/full\/GartenundGardenAgenda\/Juni\/GartenarbeitJuni\/Clematis-Schnitt.webp\" button_text=\"&euro;\"]');?><\/p><\/blockquote><h1>&nbsp;<\/h1><p> <\/p><blockquote class=\"PWGP_caption\"><h1>Erdbeerschutz<\/h1><p> <center><img decoding=\"async\" src=\"https:\/\/www.diwie.eu\/wordpress\/wp-content\/uploads\/GartenundGardenAgenda\/Juni\/GartenarbeitJuni\/Erdbeerschutz am So. 16.06.2013 (1).webp\" class=\"foobox\"><\/center> <\/p><\/blockquote><blockquote class=\"PWGP_caption\"><div class=\"PWGP_desc\">Erdbeeren werden gern von V&ouml;geln, K&auml;fern,  Schnecken und Ameisen gefressen. Als Schutz gegen die V&ouml;gel (meist Amseln) helfen Netze und Gitter.<\/div><p><?php echo do_shortcode('[paypal_for_digital_goods name=\"Fotokauf\" price=\"4\" url=\"https:\/\/diwie.dynv6.net:81\/dyn\/full\/GartenundGardenAgenda\/Juni\/GartenarbeitJuni\/Erdbeerschutz am So. 16.06.2013 (1).webp\" button_text=\"&euro;\"]');?><\/p><\/blockquote><h1>&nbsp;<\/h1><p> <\/p><blockquote class=\"PWGP_caption\"><h1>Angefressene Erdbeeren<\/h1><p> <center><img decoding=\"async\" src=\"https:\/\/www.diwie.eu\/wordpress\/wp-content\/uploads\/GartenundGardenAgenda\/Juni\/GartenarbeitJuni\/Erdbeerschutz am So. 16.06.2013 (2).webp\" class=\"foobox\"><\/center> <\/p><\/blockquote><blockquote class=\"PWGP_caption\"><div class=\"PWGP_desc\"><\/div><p><?php echo do_shortcode('[paypal_for_digital_goods name=\"Fotokauf\" price=\"4\" url=\"https:\/\/diwie.dynv6.net:81\/dyn\/full\/GartenundGardenAgenda\/Juni\/GartenarbeitJuni\/Erdbeerschutz am So. 16.06.2013 (2).webp\" button_text=\"&euro;\"]');?><\/p><\/blockquote><h1>&nbsp;<\/h1><p>\n<\/p><blockquote class=\"PWGP_caption\"><h1><\/h1><p> <center><img decoding=\"async\" src=\"https:\/\/www.diwie.eu\/wordpress\/wp-content\/uploads\/GartenundGardenAgenda\/Juni\/GartenpflanzenJuni\/Claudis Ernte im Garten am Mi. 18.06.2014 (2).webp\" class=\"foobox\"><\/center> <\/p><\/blockquote><blockquote class=\"PWGP_caption\"><div class=\"PWGP_desc\"><\/div><p><?php echo do_shortcode('[paypal_for_digital_goods name=\"Fotokauf\" price=\"4\" url=\"https:\/\/diwie.dynv6.net:81\/dyn\/full\/GartenundGardenAgenda\/Juni\/GartenpflanzenJuni\/Claudis Ernte im Garten am Mi. 18.06.2014 (2).webp\" button_text=\"&euro;\"]');?><\/p><\/blockquote><h1>&nbsp;<\/h1><p> <\/p><blockquote class=\"PWGP_caption\"><h1><\/h1><p> <center><img decoding=\"async\" src=\"https:\/\/www.diwie.eu\/wordpress\/wp-content\/uploads\/GartenundGardenAgenda\/Juni\/GartenpflanzenJuni\/IMG_0633.webp\" class=\"foobox\"><\/center> <\/p><\/blockquote><blockquote class=\"PWGP_caption\"><div class=\"PWGP_desc\"><\/div><p><?php echo do_shortcode('[paypal_for_digital_goods name=\"Fotokauf\" price=\"4\" url=\"https:\/\/diwie.dynv6.net:81\/dyn\/full\/GartenundGardenAgenda\/Juni\/GartenpflanzenJuni\/IMG_0633.webp\" button_text=\"&euro;\"]');?><\/p><\/blockquote><h1>&nbsp;<\/h1><p> <\/p><blockquote class=\"PWGP_caption\"><h1>M&auml;nnertreu<\/h1><p> <center><img decoding=\"async\" src=\"https:\/\/www.diwie.eu\/wordpress\/wp-content\/uploads\/GartenundGardenAgenda\/Juni\/GartenpflanzenJuni\/M&auml;nnertreu.webp\" class=\"foobox\"><\/center> <\/p><\/blockquote><blockquote class=\"PWGP_caption\"><div class=\"PWGP_desc\">M&auml;nnertreu bl&uuml;ht von Juni bis September unentwegt. Die einj&auml;hrige Zierpflanze gibt es in buschiger bis hin zur h&auml;ngenden Form f&uuml;r Blumenampeln. Bei eigener im M&auml;rz, ist es wichtig, die Samen nicht zu bedecken. <\/div><p><?php echo do_shortcode('[paypal_for_digital_goods name=\"Fotokauf\" price=\"4\" url=\"https:\/\/diwie.dynv6.net:81\/dyn\/full\/GartenundGardenAgenda\/Juni\/GartenpflanzenJuni\/M&auml;nnertreu.webp\" button_text=\"&euro;\"]');?><\/p><\/blockquote><h1>&nbsp;<\/h1><p> <\/p><blockquote class=\"PWGP_caption\"><h1>Tomatenpflanzenbew&auml;sserung<\/h1><p> <center><img decoding=\"async\" src=\"https:\/\/www.diwie.eu\/wordpress\/wp-content\/uploads\/GartenundGardenAgenda\/Juni\/GartenpflanzenJuni\/Tomatenpflanzenbew&auml;sserung.webp\" class=\"foobox\"><\/center> <\/p><\/blockquote><blockquote class=\"PWGP_caption\"><div class=\"PWGP_desc\">Tomaten m&uuml;ssen nicht viel, aber regelm&auml;&szlig;\u009fig gegossen werden, sie brauchen viel Kalium dazu gibt man etwas  Brennnesseljauche ins Gie&szlig;\u009fwasser. Das Wasser soll temperiert sein und das Laub nicht benetzt werden. Sind die Pflanzen kr&auml;ftig genug kann man es im unteren Bereich entfernen.<\/div><p><?php echo do_shortcode('[paypal_for_digital_goods name=\"Fotokauf\" price=\"4\" url=\"https:\/\/diwie.dynv6.net:81\/dyn\/full\/GartenundGardenAgenda\/Juni\/GartenpflanzenJuni\/Tomatenpflanzenbew&auml;sserung.webp\" button_text=\"&euro;\"]');?><\/p><\/blockquote><h1>&nbsp;<\/h1><p> <\/p><blockquote class=\"PWGP_caption\"><h1>T&uuml;rkischer Mohn<\/h1><p> <center><img decoding=\"async\" src=\"https:\/\/www.diwie.eu\/wordpress\/wp-content\/uploads\/GartenundGardenAgenda\/Juni\/GartenpflanzenJuni\/T&uuml;rkischer Mohn am Do. 02.06.2011 (1).webp\" class=\"foobox\"><\/center> <\/p><\/blockquote><blockquote class=\"PWGP_caption\"><div class=\"PWGP_desc\">Die Bl&uuml;ten des t&uuml;rkischen Mohns sind von 10-15cm viel gr&ouml;&szlig;\u009fer als der bei uns beheimatete Klatschmohn. Die von wei&szlig;\u009f &uuml;ber lila bis rot bl&uuml;henden Pflanzen k&ouml;nnen eine H&ouml;he von 1m erreichen. Staun&auml;sse vertr&auml;gt er nicht, er ist aber winterhart und pflegeleicht.<\/div><p><?php echo do_shortcode('[paypal_for_digital_goods name=\"Fotokauf\" price=\"4\" url=\"https:\/\/diwie.dynv6.net:81\/dyn\/full\/GartenundGardenAgenda\/Juni\/GartenpflanzenJuni\/T&uuml;rkischer Mohn am Do. 02.06.2011 (1).webp\" button_text=\"&euro;\"]');?><\/p><\/blockquote><h1>&nbsp;<\/h1><p> <\/p><blockquote class=\"PWGP_caption\"><h1><\/h1><p> <center><img decoding=\"async\" src=\"https:\/\/www.diwie.eu\/wordpress\/wp-content\/uploads\/GartenundGardenAgenda\/Juni\/GartenpflanzenJuni\/T&uuml;rkischer Mohn am Do. 02.06.2011 (2).webp\" class=\"foobox\"><\/center> <\/p><\/blockquote><blockquote class=\"PWGP_caption\"><div class=\"PWGP_desc\"><\/div><p><?php echo do_shortcode('[paypal_for_digital_goods name=\"Fotokauf\" price=\"4\" url=\"https:\/\/diwie.dynv6.net:81\/dyn\/full\/GartenundGardenAgenda\/Juni\/GartenpflanzenJuni\/T&uuml;rkischer Mohn am Do. 02.06.2011 (2).webp\" button_text=\"&euro;\"]');?><\/p><\/blockquote><h1>&nbsp;<\/h1><p> <\/p><blockquote class=\"PWGP_caption\"><h1>Weinbl&uuml;te geschlossen<\/h1><p> <center><img decoding=\"async\" src=\"https:\/\/www.diwie.eu\/wordpress\/wp-content\/uploads\/GartenundGardenAgenda\/Juni\/GartenpflanzenJuni\/Weinbl&uuml;te geschlossen.webp\" class=\"foobox\"><\/center> <\/p><\/blockquote><blockquote class=\"PWGP_caption\"><div class=\"PWGP_desc\">Produzieren die Reben lange Triebe geht dies auf Kosten der Fr&uuml;chte. Das Entspitzen solcher Triebe vor der Bl&uuml;te f&uuml;hrt zu einer Saftstauung, wodurch sich die Fr&uuml;chte besser entwickeln.<\/div><p><?php echo do_shortcode('[paypal_for_digital_goods name=\"Fotokauf\" price=\"4\" url=\"https:\/\/diwie.dynv6.net:81\/dyn\/full\/GartenundGardenAgenda\/Juni\/GartenpflanzenJuni\/Weinbl&uuml;te geschlossen.webp\" button_text=\"&euro;\"]');?><\/p><\/blockquote><h1>&nbsp;<\/h1><p> <\/p><blockquote class=\"PWGP_caption\"><h1>gef&uuml;llter Phlox<\/h1><p> <center><img decoding=\"async\" src=\"https:\/\/www.diwie.eu\/wordpress\/wp-content\/uploads\/GartenundGardenAgenda\/Juni\/GartenpflanzenJuni\/gef&uuml;llter Flox am Do. 19.07.2012 (2).webp\" class=\"foobox\"><\/center> <\/p><\/blockquote><blockquote class=\"PWGP_caption\"><div class=\"PWGP_desc\">Phlox ist relativ robust und wirkt am besten, wenn die Pflanzen in verschiedenen Farben dicht beieinander stehen. Besonders gut gedeiht er im Halbschatten. Schneidet man die Bl&uuml;ten ab, wachsen bald neue nach.<\/div><p><?php echo do_shortcode('[paypal_for_digital_goods name=\"Fotokauf\" price=\"4\" url=\"https:\/\/diwie.dynv6.net:81\/dyn\/full\/GartenundGardenAgenda\/Juni\/GartenpflanzenJuni\/gef&uuml;llter Flox am Do. 19.07.2012 (2).webp\" button_text=\"&euro;\"]');?><\/p><\/blockquote><h1>&nbsp;<\/h1><p> <\/p><blockquote class=\"PWGP_caption\"><h1>Baumflieder<\/h1><p> <center><img decoding=\"async\" src=\"https:\/\/www.diwie.eu\/wordpress\/wp-content\/uploads\/GartenundGardenAgenda\/Juni\/GartenpflanzenJuni\/Baumflieder - Japanischer Flieder.webp\" class=\"foobox\"><\/center> <\/p><\/blockquote><blockquote class=\"PWGP_caption\"><div class=\"PWGP_desc\">Der Baumflieder hat cremewei&szlig;\u009fe Rispen, welche einen sehr starken Duft verstr&ouml;men. Es ist ein sehr sp&auml;tbl&uuml;hender Flieder, erst im Juni erscheinen seine Bl&uuml;ten.<\/div><p><?php echo do_shortcode('[paypal_for_digital_goods name=\"Fotokauf\" price=\"4\" url=\"https:\/\/diwie.dynv6.net:81\/dyn\/full\/GartenundGardenAgenda\/Juni\/GartenpflanzenJuni\/Baumflieder - Japanischer Flieder.webp\" button_text=\"&euro;\"]');?><\/p><\/blockquote><h1>&nbsp;<\/h1><p> <\/p><blockquote class=\"PWGP_caption\"><h1>Ziertabak<\/h1><p> <center><img decoding=\"async\" src=\"https:\/\/www.diwie.eu\/wordpress\/wp-content\/uploads\/GartenundGardenAgenda\/Juni\/GartenpflanzenJuni\/Ziertabak.webp\" class=\"foobox\"><\/center> <\/p><\/blockquote><blockquote class=\"PWGP_caption\"><div class=\"PWGP_desc\">Ziertabak verstr&ouml;mt abends einen s&uuml;&szlig;\u009fen Duft um Nachtfalter anzulocken.<\/div><p><?php echo do_shortcode('[paypal_for_digital_goods name=\"Fotokauf\" price=\"4\" url=\"https:\/\/diwie.dynv6.net:81\/dyn\/full\/GartenundGardenAgenda\/Juni\/GartenpflanzenJuni\/Ziertabak.webp\" button_text=\"&euro;\"]');?><\/p><\/blockquote><h1>&nbsp;<\/h1><p> <\/p><blockquote class=\"PWGP_caption\"><h1>Allium<\/h1><p> <center><img decoding=\"async\" src=\"https:\/\/www.diwie.eu\/wordpress\/wp-content\/uploads\/GartenundGardenAgenda\/Juni\/GartenpflanzenJuni\/Allium.webp\" class=\"foobox\"><\/center> <\/p><\/blockquote><blockquote class=\"PWGP_caption\"><div class=\"PWGP_desc\">Selbst wenn ihre Bl&uuml;tenst&auml;nde vertrocknet sind, setzt die Allium noch gestalteriche Akzente im Garten. Bei Erscheinen der Bl&uuml;te ziehen viele Sorten Ihr Blattwerk ein und geben Platz f&uuml;r kleinere Bl&uuml;hpflanzen.<\/div><p><?php echo do_shortcode('[paypal_for_digital_goods name=\"Fotokauf\" price=\"4\" url=\"https:\/\/diwie.dynv6.net:81\/dyn\/full\/GartenundGardenAgenda\/Juni\/GartenpflanzenJuni\/Allium.webp\" button_text=\"&euro;\"]');?><\/p><\/blockquote><h1>&nbsp;<\/h1><p> <\/p><blockquote class=\"PWGP_caption\"><h1>Clematis<\/h1><p> <center><img decoding=\"async\" src=\"https:\/\/www.diwie.eu\/wordpress\/wp-content\/uploads\/GartenundGardenAgenda\/Juni\/GartenpflanzenJuni\/Clematis.webp\" class=\"foobox\"><\/center> <\/p><\/blockquote><blockquote class=\"PWGP_caption\"><div class=\"PWGP_desc\">Die Clematis (Italienische oder Gro&szlig;\u009fblumige Waldreben) brauchen einen gesch&uuml;tzten Standort in Sonne bis Schatten. Am besten mit einem feucht-k&uuml;hlen, beschatteten Stammfu&szlig;\u009f.<\/div><p><?php echo do_shortcode('[paypal_for_digital_goods name=\"Fotokauf\" price=\"4\" url=\"https:\/\/diwie.dynv6.net:81\/dyn\/full\/GartenundGardenAgenda\/Juni\/GartenpflanzenJuni\/Clematis.webp\" button_text=\"&euro;\"]');?><\/p><\/blockquote><h1>&nbsp;<\/h1><p> <\/p><blockquote class=\"PWGP_caption\"><h1>Bartnelken<\/h1><p> <center><img decoding=\"async\" src=\"https:\/\/www.diwie.eu\/wordpress\/wp-content\/uploads\/GartenundGardenAgenda\/Juni\/GartenpflanzenJuni\/Bartnelken.webp\" class=\"foobox\"><\/center> <\/p><\/blockquote><blockquote class=\"PWGP_caption\"><div class=\"PWGP_desc\">Bartnelken brauchen einen sonnigen Standort, sie lassen sich leicht durch Samen vermehren. M&ouml;chte man sie haupts&auml;chlich als Schnittblumen verwenden, erfolgt die Pflanzung in Reihen mit 20 cm Abstand.<\/div><p><?php echo do_shortcode('[paypal_for_digital_goods name=\"Fotokauf\" price=\"4\" url=\"https:\/\/diwie.dynv6.net:81\/dyn\/full\/GartenundGardenAgenda\/Juni\/GartenpflanzenJuni\/Bartnelken.webp\" button_text=\"&euro;\"]');?><\/p><\/blockquote><h1>&nbsp;<\/h1><p> <\/p><blockquote class=\"PWGP_caption\"><h1>Herbst-Anemone<\/h1><p> <center><img decoding=\"async\" src=\"https:\/\/www.diwie.eu\/wordpress\/wp-content\/uploads\/GartenundGardenAgenda\/Juni\/GartenpflanzenJuni\/Herbstannemone am Mo. 23.07.2012 (8).webp\" class=\"foobox\"><\/center> <\/p><\/blockquote><blockquote class=\"PWGP_caption\"><div class=\"PWGP_desc\">Die Herbst-Anemone gedeiht sogar im Schatten sehr gut. Durch Ausl&auml;ufer aber auch durch Samen (Kaltkeimer) verbreitet sie sich im Garten sehr stark.<\/div><p><?php echo do_shortcode('[paypal_for_digital_goods name=\"Fotokauf\" price=\"4\" url=\"https:\/\/diwie.dynv6.net:81\/dyn\/full\/GartenundGardenAgenda\/Juni\/GartenpflanzenJuni\/Herbstannemone am Mo. 23.07.2012 (8).webp\" button_text=\"&euro;\"]');?><\/p><\/blockquote><h1>&nbsp;<\/h1><p> <\/p><blockquote class=\"PWGP_caption\"><h1>Pflege der Himbeerpflanzen<\/h1><p> <center><img decoding=\"async\" src=\"https:\/\/www.diwie.eu\/wordpress\/wp-content\/uploads\/GartenundGardenAgenda\/Juni\/GartenpflanzenJuni\/Himbeerernte am Sa. 30.06.2012 (1).webp\" class=\"foobox\"><\/center> <\/p><\/blockquote><blockquote class=\"PWGP_caption\"><div class=\"PWGP_desc\">Da Himbeeren flach wurzelnde Pflanzen sind, sollte nicht gehackt werden, sondern gegelm&auml;&szlig;\u009fig gemulcht werden.<\/div><p><?php echo do_shortcode('[paypal_for_digital_goods name=\"Fotokauf\" price=\"4\" url=\"https:\/\/diwie.dynv6.net:81\/dyn\/full\/GartenundGardenAgenda\/Juni\/GartenpflanzenJuni\/Himbeerernte am Sa. 30.06.2012 (1).webp\" button_text=\"&euro;\"]');?><\/p><\/blockquote><h1>&nbsp;<\/h1><p> <\/p><blockquote class=\"PWGP_caption\"><h1><\/h1><p> <center><img decoding=\"async\" src=\"https:\/\/www.diwie.eu\/wordpress\/wp-content\/uploads\/GartenundGardenAgenda\/Juni\/GartenpflanzenJuni\/IMG_0641.webp\" class=\"foobox\"><\/center> <\/p><\/blockquote><blockquote class=\"PWGP_caption\"><div class=\"PWGP_desc\"><\/div><p><?php echo do_shortcode('[paypal_for_digital_goods name=\"Fotokauf\" price=\"4\" url=\"https:\/\/diwie.dynv6.net:81\/dyn\/full\/GartenundGardenAgenda\/Juni\/GartenpflanzenJuni\/IMG_0641.webp\" button_text=\"&euro;\"]');?><\/p><\/blockquote><h1>&nbsp;<\/h1><p> <\/p><blockquote class=\"PWGP_caption\"><h1><\/h1><p> <center><img decoding=\"async\" src=\"https:\/\/www.diwie.eu\/wordpress\/wp-content\/uploads\/GartenundGardenAgenda\/Juni\/GartenpflanzenJuni\/IMG_0630.webp\" class=\"foobox\"><\/center> <\/p><\/blockquote><blockquote class=\"PWGP_caption\"><div class=\"PWGP_desc\"><\/div><p><?php echo do_shortcode('[paypal_for_digital_goods name=\"Fotokauf\" price=\"4\" url=\"https:\/\/diwie.dynv6.net:81\/dyn\/full\/GartenundGardenAgenda\/Juni\/GartenpflanzenJuni\/IMG_0630.webp\" button_text=\"&euro;\"]');?><\/p><\/blockquote><h1>&nbsp;<\/h1><p>\n<\/p><blockquote class=\"PWGP_caption\"><h1><\/h1><p> <center><img decoding=\"async\" src=\"https:\/\/www.diwie.eu\/wordpress\/wp-content\/uploads\/GartenundGardenAgenda\/Juni\/ErnteJuni\/Erfurter Puffbohne.webp\" class=\"foobox\"><\/center> <\/p><\/blockquote><blockquote class=\"PWGP_caption\"><div class=\"PWGP_desc\"><\/div><p><?php echo do_shortcode('[paypal_for_digital_goods name=\"Fotokauf\" price=\"4\" url=\"https:\/\/diwie.dynv6.net:81\/dyn\/full\/GartenundGardenAgenda\/Juni\/ErnteJuni\/Erfurter Puffbohne.webp\" button_text=\"&euro;\"]');?><\/p><\/blockquote><h1>&nbsp;<\/h1><p> <\/p><blockquote class=\"PWGP_caption\"><h1>M&ouml;hrenernte<\/h1><p> <center><img decoding=\"async\" src=\"https:\/\/www.diwie.eu\/wordpress\/wp-content\/uploads\/GartenundGardenAgenda\/Juni\/ErnteJuni\/M&ouml;hrenernte.webp\" class=\"foobox\"><\/center> <\/p><\/blockquote><blockquote class=\"PWGP_caption\"><div class=\"PWGP_desc\">Man erkennt eine reife M&ouml;hre daran, dass der obere Teil der M&ouml;hre ein St&uuml;ck aus dem Boden schaut. Aber auch kleinere zu dicht stehende M&ouml;hren k&ouml;nnen verwendet werden.<\/div><p><?php echo do_shortcode('[paypal_for_digital_goods name=\"Fotokauf\" price=\"4\" url=\"https:\/\/diwie.dynv6.net:81\/dyn\/full\/GartenundGardenAgenda\/Juni\/ErnteJuni\/M&ouml;hrenernte.webp\" button_text=\"&euro;\"]');?><\/p><\/blockquote><h1>&nbsp;<\/h1><p> <\/p><blockquote class=\"PWGP_caption\"><h1>Pfl&uuml;cksalat<\/h1><p> <center><img decoding=\"async\" src=\"https:\/\/www.diwie.eu\/wordpress\/wp-content\/uploads\/GartenundGardenAgenda\/Juni\/ErnteJuni\/Pfl&uuml;cksalaternte.webp\" class=\"foobox\"><\/center> <\/p><\/blockquote><blockquote class=\"PWGP_caption\"><div class=\"PWGP_desc\">L&auml;sst man bei der Ernte die Herzbl&auml;tter bestehen, so k&ouml;nnen neue Bl&auml;tter nachwachsen. So ist eine mehrfache Ernte m&ouml;glich. Nachsaaten im Abstand von drei bis vier Wochen stellen die dauerhafte Versorgung sicher. Pfl&uuml;cksalat ist robuster gegen&uuml;ber Sch&auml;dlingen und Krankenheiten als Kopfsalat.<\/div><p><?php echo do_shortcode('[paypal_for_digital_goods name=\"Fotokauf\" price=\"4\" url=\"https:\/\/diwie.dynv6.net:81\/dyn\/full\/GartenundGardenAgenda\/Juni\/ErnteJuni\/Pfl&uuml;cksalaternte.webp\" button_text=\"&euro;\"]');?><\/p><\/blockquote><h1>&nbsp;<\/h1><p> <\/p><blockquote class=\"PWGP_caption\"><h1>Zwiebelbl&uuml;hte<\/h1><p> <center><img decoding=\"async\" src=\"https:\/\/www.diwie.eu\/wordpress\/wp-content\/uploads\/GartenundGardenAgenda\/Juni\/ErnteJuni\/Ziebelbl&uuml;hte.webp\" class=\"foobox\"><\/center> <\/p><\/blockquote><blockquote class=\"PWGP_caption\"><div class=\"PWGP_desc\">Beginnen viele Zwiebeln zu bl&uuml;hen, dann kann die Ernte mit noch l&auml;ngerer Trocknung erfolgen. Zur Samengewinnung l&auml;sst man sie voll ausbl&uuml;hen, die Zwiebel ist dann jedoch kaum mehr genie&szlig;\u009fbar.<\/div><p><?php echo do_shortcode('[paypal_for_digital_goods name=\"Fotokauf\" price=\"4\" url=\"https:\/\/diwie.dynv6.net:81\/dyn\/full\/GartenundGardenAgenda\/Juni\/ErnteJuni\/Ziebelbl&uuml;hte.webp\" button_text=\"&euro;\"]');?><\/p><\/blockquote><h1>&nbsp;<\/h1><p> <\/p><blockquote class=\"PWGP_caption\"><h1><\/h1><p> <center><img decoding=\"async\" src=\"https:\/\/www.diwie.eu\/wordpress\/wp-content\/uploads\/GartenundGardenAgenda\/Juni\/ErnteJuni\/roter Pfl&uuml;cksalat am Do. 19.07.2012 (2).webp\" class=\"foobox\"><\/center> <\/p><\/blockquote><blockquote class=\"PWGP_caption\"><div class=\"PWGP_desc\">Im Unterschied zum Kopfsalat kann man beim Pfl&uuml;cksalat die Herzbl&auml;tter stehen lassen und er w&auml;chst erneut wieder nach. Um eine regelm&auml;&szlig;\u009fige Ernte zu gew&auml;hrleisten, kann im vier Wochen-Rhythmus weiter nachges&auml;t werden.\n<\/div><p><?php echo do_shortcode('[paypal_for_digital_goods name=\"Fotokauf\" price=\"4\" url=\"https:\/\/diwie.dynv6.net:81\/dyn\/full\/GartenundGardenAgenda\/Juni\/ErnteJuni\/roter Pfl&uuml;cksalat am Do. 19.07.2012 (2).webp\" button_text=\"&euro;\"]');?><\/p><\/blockquote><h1>&nbsp;<\/h1><p> <\/p><blockquote class=\"PWGP_caption\"><h1>Erdbeerernte<\/h1><p> <center><img decoding=\"async\" src=\"https:\/\/www.diwie.eu\/wordpress\/wp-content\/uploads\/GartenundGardenAgenda\/Juni\/ErnteJuni\/Erdbeerernte.webp\" class=\"foobox\"><\/center> <\/p><\/blockquote><blockquote class=\"PWGP_caption\"><div class=\"PWGP_desc\">Um eine gute Erdbeerernte zu erhalten, sollte die Kulturdauer nur zwei Jahre betragen. Ein Standortwechsel und das Entfernen des alten Laubes sind sehr wichtig. Bei einer Neupflanzung wird viel Wasser ben&ouml;tigt.<\/div><p><?php echo do_shortcode('[paypal_for_digital_goods name=\"Fotokauf\" price=\"4\" url=\"https:\/\/diwie.dynv6.net:81\/dyn\/full\/GartenundGardenAgenda\/Juni\/ErnteJuni\/Erdbeerernte.webp\" button_text=\"&euro;\"]');?><\/p><\/blockquote><h1>&nbsp;<\/h1><p> <\/p><blockquote class=\"PWGP_caption\"><h1>Schnittlauch<\/h1><p> <center><img decoding=\"async\" src=\"https:\/\/www.diwie.eu\/wordpress\/wp-content\/uploads\/GartenundGardenAgenda\/Juni\/ErnteJuni\/Schnittlauchernte.webp\" class=\"foobox\"><\/center> <\/p><\/blockquote><blockquote class=\"PWGP_caption\"><div class=\"PWGP_desc\">Schnittlauch ist sehr gesund und schmeckt besonders gut im Kr&auml;uterquark. Auch die Bl&uuml;ten kann man essen, z.B. im Salat.\nNach seiner Bl&uuml;tezeit wachsen wieder normale Stengel, bis sich der Schnittlauch im Winter in die Erde zur&uuml;ckzieht.<\/div><p><?php echo do_shortcode('[paypal_for_digital_goods name=\"Fotokauf\" price=\"4\" url=\"https:\/\/diwie.dynv6.net:81\/dyn\/full\/GartenundGardenAgenda\/Juni\/ErnteJuni\/Schnittlauchernte.webp\" button_text=\"&euro;\"]');?><\/p><\/blockquote><h1>&nbsp;<\/h1><p> <\/p><blockquote class=\"PWGP_caption\"><h1>Melisse<\/h1><p> <center><img decoding=\"async\" src=\"https:\/\/www.diwie.eu\/wordpress\/wp-content\/uploads\/GartenundGardenAgenda\/Juni\/ErnteJuni\/Zitronenmelisse.webp\" class=\"foobox\"><\/center> <\/p><\/blockquote><blockquote class=\"PWGP_caption\"><div class=\"PWGP_desc\">Die Melisse riecht beim Zerreiben leicht zitronenartig, daher wird sie auch oft Zitronenmelisse genannt. Als Tee entfaltet Sie eine beruhigende Wirkung und in der K&uuml;che kann sie gut als Zitronengrasersatz verwendet werden.<\/div><p><?php echo do_shortcode('[paypal_for_digital_goods name=\"Fotokauf\" price=\"4\" url=\"https:\/\/diwie.dynv6.net:81\/dyn\/full\/GartenundGardenAgenda\/Juni\/ErnteJuni\/Zitronenmelisse.webp\" button_text=\"&euro;\"]');?><\/p><\/blockquote><h1>&nbsp;<\/h1><p> <\/p><blockquote class=\"PWGP_caption\"><h1>Twotimer&Acirc;&reg; Gelbe Sugana&Acirc;&reg;\n\n<\/h1><p> <center><img decoding=\"async\" src=\"https:\/\/www.diwie.eu\/wordpress\/wp-content\/uploads\/GartenundGardenAgenda\/Juni\/ErnteJuni\/Himbeere - Lubera Twotimer Sugana gelb.webp\" class=\"foobox\"><\/center> <\/p><\/blockquote><blockquote class=\"PWGP_caption\"><div class=\"PWGP_desc\">Zweimal tragende Himbeeren sind ideal f&uuml;r kleinere G&auml;rten, auch Balkone und Terrassen.\nIm Juni tragen sie an den 2 j&auml;hrigen Ruten, im September an den 1 j&auml;hrigen.<\/div><p><?php echo do_shortcode('[paypal_for_digital_goods name=\"Fotokauf\" price=\"4\" url=\"https:\/\/diwie.dynv6.net:81\/dyn\/full\/GartenundGardenAgenda\/Juni\/ErnteJuni\/Himbeere - Lubera Twotimer Sugana gelb.webp\" button_text=\"&euro;\"]');?><\/p><\/blockquote><h1>&nbsp;<\/h1><p> <\/p><blockquote class=\"PWGP_caption\"><h1>Stachelbeere<\/h1><p> <center><img decoding=\"async\" src=\"https:\/\/www.diwie.eu\/wordpress\/wp-content\/uploads\/GartenundGardenAgenda\/Juni\/ErnteJuni\/Stachelbeerernte am Do. 19.07.2012 (1).webp\" class=\"foobox\"><\/center> <\/p><\/blockquote><blockquote class=\"PWGP_caption\"><div class=\"PWGP_desc\">Stachelbeere wachsen zwar sehr langsam, bringen jedoch gute Ertr&auml;ge. Die Fr&uuml;chte sind erst sehr sauer, reif sind sie schon fast ein wenig zu s&uuml;&szlig;\u009f. Daher werden Sie oft weiterverarbeitet. Kultiviert man die Str&auml;ucher selbst, bietet sich ein Spalier an. Mulchen sch&uuml;tzt vor Unkr&auml;utern, welche man sonst nur schwer aus den stachligen Str&auml;uchern herausbekommt.<\/div><p><?php echo do_shortcode('[paypal_for_digital_goods name=\"Fotokauf\" price=\"4\" url=\"https:\/\/diwie.dynv6.net:81\/dyn\/full\/GartenundGardenAgenda\/Juni\/ErnteJuni\/Stachelbeerernte am Do. 19.07.2012 (1).webp\" button_text=\"&euro;\"]');?><\/p><\/blockquote><h1>&nbsp;<\/h1><p> <\/p><blockquote class=\"PWGP_caption\"><h1>Zucchini<\/h1><p> <center><img decoding=\"async\" src=\"https:\/\/www.diwie.eu\/wordpress\/wp-content\/uploads\/GartenundGardenAgenda\/Juni\/ErnteJuni\/Zucchinieernte am Do. 19.07.2012 (3).webp\" class=\"foobox\"><\/center> <\/p><\/blockquote><blockquote class=\"PWGP_caption\"><div class=\"PWGP_desc\">Zucchinis bringen oft eine gro&szlig;\u009fe Ernte, bei nasser Witterung f&auml;llt diese jedoch oft geringer aus. Ursache ist meist eine unzureichende Befruchtung der weiblichen Bl&uuml;te. Hier kann man durch Abpfl&uuml;cken einer m&auml;nnlichen Bl&uuml;te und Bestreichen der Bl&uuml;tennarben wieder etwas nachhelfen.<\/div><p><?php echo do_shortcode('[paypal_for_digital_goods name=\"Fotokauf\" price=\"4\" url=\"https:\/\/diwie.dynv6.net:81\/dyn\/full\/GartenundGardenAgenda\/Juni\/ErnteJuni\/Zucchinieernte am Do. 19.07.2012 (3).webp\" button_text=\"&euro;\"]');?><\/p><\/blockquote><h1>&nbsp;<\/h1><p>\n<p>Allgemeine Arbeiten<br \/>\n\u2013 d\u00fcngen und ausgeizen der Tomatenpflanzen<br \/>\n\u2013 Schnitt der  Laubhecken ab 24. Juni (Johannistag)<br \/>\n\u2013 nach Regenf\u00e4llen die Erde  mit der Hacke wieder auflockern<br \/>\n\u2013 Fortsetzung der  Rasensaat<br \/>\n\u2013 Gurken regelm\u00e4\u00dfig gie\u00dfen<\/p>\n<p>S\u00e4en und pflanzen<br \/>\n\u2013 Nachssat von Radieschen, Salat und M\u00f6hren<br \/>\n\u2013 Wintersaat von Wei\u00dfkohl,   Blumenkohl und Chinakohl<\/p>\n<p>Erntekalender im Juni<br \/>\n\u2013 Salat<br \/>\n\u2013 Blumenkohl, Brokoli<br \/>\n\u2013 Erdbeeren<br \/>\n\u2013 Rettich und Radies<br \/>\n\u2013 Stachelbeeren<br \/>\n\u2013 ab 24. Juni (Johannistag) werden Rhabarber und Spargel nicht mehr geernet<\/p>\n","protected":false},"excerpt":{"rendered":"<p>Allgemeine Arbeiten \u2013 d\u00fcngen und ausgeizen der Tomatenpflanzen \u2013 Schnitt der Laubhecken ab 24. Juni (Johannistag) \u2013 nach Regenf\u00e4llen die Erde mit der Hacke wieder auflockern \u2013 Fortsetzung der Rasensaat \u2013 Gurken regelm\u00e4\u00dfig gie\u00dfen S\u00e4en und pflanzen \u2013 Nachssat von Radieschen, Salat und M\u00f6hren \u2013 Wintersaat von Wei\u00dfkohl, Blumenkohl und Chinakohl Erntekalender im Juni \u2013 [&hellip;]<\/p>\n","protected":false},"author":1,"featured_media":-1,"parent":0,"menu_order":0,"comment_status":"closed","ping_status":"closed","template":"","meta":{"_bbp_topic_count":0,"_bbp_reply_count":0,"_bbp_total_topic_count":0,"_bbp_total_reply_count":0,"_bbp_voice_count":0,"_bbp_anonymous_reply_count":0,"_bbp_topic_count_hidden":0,"_bbp_reply_count_hidden":0,"_bbp_forum_subforum_count":0,"_crdt_document":"","rop_custom_images_group":[],"rop_custom_messages_group":[],"rop_publish_now":"initial","rop_publish_now_accounts":{"facebook_10157842446526608_172944659475038":""},"rop_publish_now_history":[],"rop_publish_now_status":"pending","ngg_post_thumbnail":0,"exifize_date":"","footnotes":""},"class_list":["bg-stuff"],"publishpress_future_action":{"enabled":false,"date":"2026-05-06 12:44:08","action":"change-status","newStatus":"draft","terms":[],"taxonomy":"","extraData":[]},"publishpress_future_workflow_manual_trigger":{"enabledWorkflows":[]},"_links":{"self":[{"href":"https:\/\/www.Diwie.eu\/wordpress\/wp-json\/wp\/v2\/pages\/104","targetHints":{"allow":["GET"]}}],"collection":[{"href":"https:\/\/www.Diwie.eu\/wordpress\/wp-json\/wp\/v2\/pages"}],"about":[{"href":"https:\/\/www.Diwie.eu\/wordpress\/wp-json\/wp\/v2\/types\/page"}],"author":[{"embeddable":true,"href":"https:\/\/www.Diwie.eu\/wordpress\/wp-json\/wp\/v2\/users\/1"}],"replies":[{"embeddable":true,"href":"https:\/\/www.Diwie.eu\/wordpress\/wp-json\/wp\/v2\/comments?post=104"}],"version-history":[{"count":0,"href":"https:\/\/www.Diwie.eu\/wordpress\/wp-json\/wp\/v2\/pages\/104\/revisions"}],"wp:featuredmedia":[{"embeddable":true,"href":"https:\/\/www.Diwie.eu\/wordpress\/wp-json\/"}],"wp:attachment":[{"href":"https:\/\/www.Diwie.eu\/wordpress\/wp-json\/wp\/v2\/media?parent=104"}],"curies":[{"name":"wp","href":"https:\/\/api.w.org\/{rel}","templated":true}]}}