{"id":105,"date":"2012-02-13T18:42:52","date_gmt":"2012-02-13T16:42:52","guid":{"rendered":"https:\/\/www.diwie.eu\/wordpress\/juli\/"},"modified":"2018-08-09T08:58:42","modified_gmt":"2018-08-09T06:58:42","slug":"juli","status":"publish","type":"page","link":"https:\/\/www.Diwie.eu\/wordpress\/juli\/","title":{"rendered":"Juli"},"content":{"rendered":"<\/p><blockquote class=\"PWGP_caption\"><h1>Erbsen<\/h1><p> <center><img decoding=\"async\" src=\"https:\/\/www.diwie.eu\/wordpress\/wp-content\/uploads\/GartenundGardenAgenda\/Juli\/GartenarbeitJuli\/P1020573.webp\" class=\"foobox\"><\/center> <\/p><\/blockquote><blockquote class=\"PWGP_caption\"><div class=\"PWGP_desc\">Erbsen m&ouml;gen Rankhilfen, wie Reisig oder Netze. Sie kommen sehr gut mit Trockenheit zurecht.<\/div><p><?php echo do_shortcode('[paypal_for_digital_goods name=\"Fotokauf\" price=\"4\" url=\"https:\/\/diwie.dynv6.net:81\/dyn\/full\/GartenundGardenAgenda\/Juli\/GartenarbeitJuli\/P1020573.webp\" button_text=\"&euro;\"]');?><\/p><\/blockquote><h1>&nbsp;<\/h1><p> <\/p><blockquote class=\"PWGP_caption\"><h1>Johannisbeerstrauch<\/h1><p> <center><img decoding=\"async\" src=\"https:\/\/www.diwie.eu\/wordpress\/wp-content\/uploads\/GartenundGardenAgenda\/Juli\/GartenarbeitJuli\/Johannisbeerenschnitt.webp\" class=\"foobox\"><\/center> <\/p><\/blockquote><blockquote class=\"PWGP_caption\"><div class=\"PWGP_desc\">Nach der Ernte kann bei Johannisbeeren gleich der Schnitt beginnen. Bei roten und wei&szlig;\u009fen Johannisbeeren bleiben die  j&uuml;ngeren Zweige stehen und &auml;ltere knorrige oder vermoste Zweige werden an der Basis abgeschnitten. Ein Johannisbeerstrauch gedeiht sogar im Halbschatten gut, die Beeren entwickeln dann jedoch weniger S&uuml;&szlig;\u009fe.\n<\/div><p><?php echo do_shortcode('[paypal_for_digital_goods name=\"Fotokauf\" price=\"4\" url=\"https:\/\/diwie.dynv6.net:81\/dyn\/full\/GartenundGardenAgenda\/Juli\/GartenarbeitJuli\/Johannisbeerenschnitt.webp\" button_text=\"&euro;\"]');?><\/p><\/blockquote><h1>&nbsp;<\/h1><p> <\/p><blockquote class=\"PWGP_caption\"><h1>Buschbohnen<\/h1><p> <center><img decoding=\"async\" src=\"https:\/\/www.diwie.eu\/wordpress\/wp-content\/uploads\/GartenundGardenAgenda\/Juli\/GartenarbeitJuli\/Buschbohnenpflege.webp\" class=\"foobox\"><\/center> <\/p><\/blockquote><blockquote class=\"PWGP_caption\"><div class=\"PWGP_desc\">Buschbohnen werden leicht angeh&auml;ufelt, damit sie einen besseren Stand erhalten.<\/div><p><?php echo do_shortcode('[paypal_for_digital_goods name=\"Fotokauf\" price=\"4\" url=\"https:\/\/diwie.dynv6.net:81\/dyn\/full\/GartenundGardenAgenda\/Juli\/GartenarbeitJuli\/Buschbohnenpflege.webp\" button_text=\"&euro;\"]');?><\/p><\/blockquote><h1>&nbsp;<\/h1><p>\n<\/p><blockquote class=\"PWGP_caption\"><h1><\/h1><p> <center><img decoding=\"async\" src=\"https:\/\/www.diwie.eu\/wordpress\/wp-content\/uploads\/GartenundGardenAgenda\/Juli\/GartenpflanzenJuli\/In den Walderdbeeren am Sa. 11.07.2015 (4).webp\" class=\"foobox\"><\/center> <\/p><\/blockquote><blockquote class=\"PWGP_caption\"><div class=\"PWGP_desc\"><\/div><p><?php echo do_shortcode('[paypal_for_digital_goods name=\"Fotokauf\" price=\"4\" url=\"https:\/\/diwie.dynv6.net:81\/dyn\/full\/GartenundGardenAgenda\/Juli\/GartenpflanzenJuli\/In den Walderdbeeren am Sa. 11.07.2015 (4).webp\" button_text=\"&euro;\"]');?><\/p><\/blockquote><h1>&nbsp;<\/h1><p> <\/p><blockquote class=\"PWGP_caption\"><h1>Mittagsblume<\/h1><p> <center><img decoding=\"async\" src=\"https:\/\/www.diwie.eu\/wordpress\/wp-content\/uploads\/GartenundGardenAgenda\/Juli\/GartenpflanzenJuli\/Mittagsblumen.webp\" class=\"foobox\"><\/center> <\/p><\/blockquote><blockquote class=\"PWGP_caption\"><div class=\"PWGP_desc\">Bei sonnigem Wetter &ouml;ffnen die Mittagsblumen fast zur gleichen Zeit ihre Bl&uuml;ten. Sie brauchen viel Sonne es bietet sich der Steingarten als Standort an. Junge Pflanzen m&uuml;ssen jedoch vor Schneckenfra&szlig;\u009f gesch&uuml;tzt werden.<\/div><p><?php echo do_shortcode('[paypal_for_digital_goods name=\"Fotokauf\" price=\"4\" url=\"https:\/\/diwie.dynv6.net:81\/dyn\/full\/GartenundGardenAgenda\/Juli\/GartenpflanzenJuli\/Mittagsblumen.webp\" button_text=\"&euro;\"]');?><\/p><\/blockquote><h1>&nbsp;<\/h1><p> <\/p><blockquote class=\"PWGP_caption\"><h1>Die Schokoladen-Kosmee<\/h1><p> <center><img decoding=\"async\" src=\"https:\/\/www.diwie.eu\/wordpress\/wp-content\/uploads\/GartenundGardenAgenda\/Juli\/GartenpflanzenJuli\/Schokoladenblume.webp\" class=\"foobox\"><\/center> <\/p><\/blockquote><blockquote class=\"PWGP_caption\"><div class=\"PWGP_desc\">Die Schokoladen-Kosmee duftet bei sch&ouml;nem Wetter nach Zartbitterschokolade. Sie bildet meist keine fruchtbaren Samen und wird daher am leichtesten durch Wurzelknollen vermehrt. \nIm Garten ben&ouml;tigt sie einen sonnigen Standort. Die Knolle muss im Herbst aus dem Boden genommen und k&uuml;hl gelagert werden. <\/div><p><?php echo do_shortcode('[paypal_for_digital_goods name=\"Fotokauf\" price=\"4\" url=\"https:\/\/diwie.dynv6.net:81\/dyn\/full\/GartenundGardenAgenda\/Juli\/GartenpflanzenJuli\/Schokoladenblume.webp\" button_text=\"&euro;\"]');?><\/p><\/blockquote><h1>&nbsp;<\/h1><p> <\/p><blockquote class=\"PWGP_caption\"><h1>Seerose<\/h1><p> <center><img decoding=\"async\" src=\"https:\/\/www.diwie.eu\/wordpress\/wp-content\/uploads\/GartenundGardenAgenda\/Juli\/GartenpflanzenJuli\/Seerose.webp\" class=\"foobox\"><\/center> <\/p><\/blockquote><blockquote class=\"PWGP_caption\"><div class=\"PWGP_desc\">Seerosen halten sich pflegeleicht im Gartenteich, bei mehr als 60 cm Wassertiefe k&ouml;nnen sie sogar das ganze Jahr im Teich bleiben. Wichtig ist die richtige Sortenwahl mit angegebener Pflanztiefe. F&uuml;r den Mini-Teich gibt es Zwergsorten. Nicht nur die sch&ouml;nen Bl&uuml;ten auch die Bl&auml;tter zieren den Teich und sch&uuml;tzen vor zu viel Sonneneinstrahlung.<\/div><p><?php echo do_shortcode('[paypal_for_digital_goods name=\"Fotokauf\" price=\"4\" url=\"https:\/\/diwie.dynv6.net:81\/dyn\/full\/GartenundGardenAgenda\/Juli\/GartenpflanzenJuli\/Seerose.webp\" button_text=\"&euro;\"]');?><\/p><\/blockquote><h1>&nbsp;<\/h1><p> <\/p><blockquote class=\"PWGP_caption\"><h1>Palmlilie<\/h1><p> <center><img decoding=\"async\" src=\"https:\/\/www.diwie.eu\/wordpress\/wp-content\/uploads\/GartenundGardenAgenda\/Juli\/GartenpflanzenJuli\/Palmlilie.webp\" class=\"foobox\"><\/center> <\/p><\/blockquote><blockquote class=\"PWGP_caption\"><div class=\"PWGP_desc\">Die Palmlilie erhielt ihren Namen durch die lilien&auml;hnlichen Bl&uuml;ten ab, die an einem bis zu zwei Meter hohen Bl&uuml;tenstand glockenf&ouml;rmig herabh&auml;ngen. Sie ist eine recht anspruchslose Staude, ben&ouml;tigt aber viel Platz. Gelegentlich sollte man abgestorbene Bl&uuml;tenst&auml;nde, erfrorene Bl&auml;tter oder die Ableger mit Handschuhen entfernen.<\/div><p><?php echo do_shortcode('[paypal_for_digital_goods name=\"Fotokauf\" price=\"4\" url=\"https:\/\/diwie.dynv6.net:81\/dyn\/full\/GartenundGardenAgenda\/Juli\/GartenpflanzenJuli\/Palmlilie.webp\" button_text=\"&euro;\"]');?><\/p><\/blockquote><h1>&nbsp;<\/h1><p> <\/p><blockquote class=\"PWGP_caption\"><h1>Gelenkblume<\/h1><p> <center><img decoding=\"async\" src=\"https:\/\/www.diwie.eu\/wordpress\/wp-content\/uploads\/GartenundGardenAgenda\/Juli\/GartenpflanzenJuli\/Gelenkblume weiss.webp\" class=\"foobox\"><\/center> <\/p><\/blockquote><blockquote class=\"PWGP_caption\"><div class=\"PWGP_desc\">Die Gelenkblume gibt es von wei&szlig;\u009f bis rot. Sie besitzt die spezielle Eigenart ihre Bl&uuml;ten einzeln zu verbiegen, welche dann in dieser Stellung verbleiben. Damit sich die winterharte Gelenkblume nicht allzu sehr ausbreitet, sollten die Bl&uuml;tenrispen vor der Samenbildung in die Vase. So bilden sich schnell neue Bl&uuml;ten.<\/div><p><?php echo do_shortcode('[paypal_for_digital_goods name=\"Fotokauf\" price=\"4\" url=\"https:\/\/diwie.dynv6.net:81\/dyn\/full\/GartenundGardenAgenda\/Juli\/GartenpflanzenJuli\/Gelenkblume weiss.webp\" button_text=\"&euro;\"]');?><\/p><\/blockquote><h1>&nbsp;<\/h1><p>\n<\/p><blockquote class=\"PWGP_caption\"><h1><\/h1><p> <center><img decoding=\"async\" src=\"https:\/\/www.diwie.eu\/wordpress\/wp-content\/uploads\/GartenundGardenAgenda\/Juli\/ErnteJuli\/DSC05885.webp\" class=\"foobox\"><\/center> <\/p><\/blockquote><blockquote class=\"PWGP_caption\"><div class=\"PWGP_desc\"><\/div><p><?php echo do_shortcode('[paypal_for_digital_goods name=\"Fotokauf\" price=\"4\" url=\"https:\/\/diwie.dynv6.net:81\/dyn\/full\/GartenundGardenAgenda\/Juli\/ErnteJuli\/DSC05885.webp\" button_text=\"&euro;\"]');?><\/p><\/blockquote><h1>&nbsp;<\/h1><p> <\/p><blockquote class=\"PWGP_caption\"><h1> Bl&uuml;ten f&uuml;r Badesalze<\/h1><p> <center><img decoding=\"async\" src=\"https:\/\/www.diwie.eu\/wordpress\/wp-content\/uploads\/GartenundGardenAgenda\/Juli\/ErnteJuli\/Getrocknete Bl&uuml;tenbl&auml;tter f&uuml;r Seife u.a..webp\" class=\"foobox\"><\/center> <\/p><\/blockquote><blockquote class=\"PWGP_caption\"><div class=\"PWGP_desc\">Besonders sch&ouml;n sehen getrocknete Bl&uuml;tenbl&auml;tter in Badesalzen aus. Auch hier sollten nur bekannte, ungiftige Bl&uuml;ten bei sch&ouml;nem Wetter gesammelt werden. Getrocknet wird im luftigen Halbschatten auf einem K&uuml;chentuch.\n<\/div><p><?php echo do_shortcode('[paypal_for_digital_goods name=\"Fotokauf\" price=\"4\" url=\"https:\/\/diwie.dynv6.net:81\/dyn\/full\/GartenundGardenAgenda\/Juli\/ErnteJuli\/Getrocknete Bl&uuml;tenbl&auml;tter f&uuml;r Seife u.a..webp\" button_text=\"&euro;\"]');?><\/p><\/blockquote><h1>&nbsp;<\/h1><p> <\/p><blockquote class=\"PWGP_caption\"><h1><\/h1><p> <center><img decoding=\"async\" src=\"https:\/\/www.diwie.eu\/wordpress\/wp-content\/uploads\/GartenundGardenAgenda\/Juli\/ErnteJuli\/Zucchiniernte am Di. 22.07.2014 (1).webp\" class=\"foobox\"><\/center> <\/p><\/blockquote><blockquote class=\"PWGP_caption\"><div class=\"PWGP_desc\"><\/div><p><?php echo do_shortcode('[paypal_for_digital_goods name=\"Fotokauf\" price=\"4\" url=\"https:\/\/diwie.dynv6.net:81\/dyn\/full\/GartenundGardenAgenda\/Juli\/ErnteJuli\/Zucchiniernte am Di. 22.07.2014 (1).webp\" button_text=\"&euro;\"]');?><\/p><\/blockquote><h1>&nbsp;<\/h1><p> <\/p><blockquote class=\"PWGP_caption\"><h1>Walderdbeeren<\/h1><p> <center><img decoding=\"async\" src=\"https:\/\/www.diwie.eu\/wordpress\/wp-content\/uploads\/GartenundGardenAgenda\/Juli\/ErnteJuli\/In den Walderdbeeren am Sa. 11.07.2015 (16).webp\" class=\"foobox\"><\/center> <\/p><\/blockquote><blockquote class=\"PWGP_caption\"><div class=\"PWGP_desc\"><\/div><p><?php echo do_shortcode('[paypal_for_digital_goods name=\"Fotokauf\" price=\"4\" url=\"https:\/\/diwie.dynv6.net:81\/dyn\/full\/GartenundGardenAgenda\/Juli\/ErnteJuli\/In den Walderdbeeren am Sa. 11.07.2015 (16).webp\" button_text=\"&euro;\"]');?><\/p><\/blockquote><h1>&nbsp;<\/h1><p> <\/p><blockquote class=\"PWGP_caption\"><h1>Baumspinat<\/h1><p> <center><img decoding=\"async\" src=\"https:\/\/www.diwie.eu\/wordpress\/wp-content\/uploads\/GartenundGardenAgenda\/Juli\/ErnteJuli\/P1020492.webp\" class=\"foobox\"><\/center> <\/p><\/blockquote><blockquote class=\"PWGP_caption\"><div class=\"PWGP_desc\">Am  Baumspinat werden die Triebe regelm&auml;&szlig;\u009fig abgeerntet, dann verzweigt sich die Pflanze und wird nicht zu hoch. Diese kann man nun wie Blattspinat zubereiten.<\/div><p><?php echo do_shortcode('[paypal_for_digital_goods name=\"Fotokauf\" price=\"4\" url=\"https:\/\/diwie.dynv6.net:81\/dyn\/full\/GartenundGardenAgenda\/Juli\/ErnteJuli\/P1020492.webp\" button_text=\"&euro;\"]');?><\/p><\/blockquote><h1>&nbsp;<\/h1><p> <\/p><blockquote class=\"PWGP_caption\"><h1>Buschbohnen<\/h1><p> <center><img decoding=\"async\" src=\"https:\/\/www.diwie.eu\/wordpress\/wp-content\/uploads\/GartenundGardenAgenda\/Juli\/ErnteJuli\/Buschbohnenernte.webp\" class=\"foobox\"><\/center> <\/p><\/blockquote><blockquote class=\"PWGP_caption\"><div class=\"PWGP_desc\">Die meisten Buschbohnen k&ouml;nnen mehrfach gepfl&uuml;ckt werden, m&ouml;glichst nicht zu lange mit der Ernte warten.<\/div><p><?php echo do_shortcode('[paypal_for_digital_goods name=\"Fotokauf\" price=\"4\" url=\"https:\/\/diwie.dynv6.net:81\/dyn\/full\/GartenundGardenAgenda\/Juli\/ErnteJuli\/Buschbohnenernte.webp\" button_text=\"&euro;\"]');?><\/p><\/blockquote><h1>&nbsp;<\/h1><p> <\/p><blockquote class=\"PWGP_caption\"><h1>Kopfsalat<\/h1><p> <center><img decoding=\"async\" src=\"https:\/\/www.diwie.eu\/wordpress\/wp-content\/uploads\/GartenundGardenAgenda\/Juli\/ErnteJuli\/Kopfsalaternte.webp\" class=\"foobox\"><\/center> <\/p><\/blockquote><blockquote class=\"PWGP_caption\"><div class=\"PWGP_desc\">Kopfsalat sollte vorzeitig geerntet werden bevor er zu schie&szlig;\u009fen beginnt oder man von der anfallenden Erntemenge &uuml;berw&auml;ltigt wird.<\/div><p><?php echo do_shortcode('[paypal_for_digital_goods name=\"Fotokauf\" price=\"4\" url=\"https:\/\/diwie.dynv6.net:81\/dyn\/full\/GartenundGardenAgenda\/Juli\/ErnteJuli\/Kopfsalaternte.webp\" button_text=\"&euro;\"]');?><\/p><\/blockquote><h1>&nbsp;<\/h1><p> <\/p><blockquote class=\"PWGP_caption\"><h1>Johannisbeeren<\/h1><p> <center><img decoding=\"async\" src=\"https:\/\/www.diwie.eu\/wordpress\/wp-content\/uploads\/GartenundGardenAgenda\/Juli\/ErnteJuli\/Johannisbeerenernte.webp\" class=\"foobox\"><\/center> <\/p><\/blockquote><blockquote class=\"PWGP_caption\"><div class=\"PWGP_desc\">Johannisbeeren oder -saft k&ouml;nnen zur Behandlung verschiedener Darmerkrankungen eingesetzt werden. Mit viel Wasser und wenig Kohlenhydraten sind sie eine ideale Schonkost.<\/div><p><?php echo do_shortcode('[paypal_for_digital_goods name=\"Fotokauf\" price=\"4\" url=\"https:\/\/diwie.dynv6.net:81\/dyn\/full\/GartenundGardenAgenda\/Juli\/ErnteJuli\/Johannisbeerenernte.webp\" button_text=\"&euro;\"]');?><\/p><\/blockquote><h1>&nbsp;<\/h1><p> <\/p><blockquote class=\"PWGP_caption\"><h1>Himbeeren<\/h1><p> <center><img decoding=\"async\" src=\"https:\/\/www.diwie.eu\/wordpress\/wp-content\/uploads\/GartenundGardenAgenda\/Juli\/ErnteJuli\/Ernte der Sommerimbeeren am Do. 18.07.2013 (1).webp\" class=\"foobox\"><\/center> <\/p><\/blockquote><blockquote class=\"PWGP_caption\"><div class=\"PWGP_desc\">Himbeeren sind sehr druckempfindlich sind und sollten am besten frisch nach dem Pfl&uuml;cken gegessen werden. <\/div><p><?php echo do_shortcode('[paypal_for_digital_goods name=\"Fotokauf\" price=\"4\" url=\"https:\/\/diwie.dynv6.net:81\/dyn\/full\/GartenundGardenAgenda\/Juli\/ErnteJuli\/Ernte der Sommerimbeeren am Do. 18.07.2013 (1).webp\" button_text=\"&euro;\"]');?><\/p><\/blockquote><h1>&nbsp;<\/h1><p> <\/p><blockquote class=\"PWGP_caption\"><h1><\/h1><p> <center><img decoding=\"async\" src=\"https:\/\/www.diwie.eu\/wordpress\/wp-content\/uploads\/GartenundGardenAgenda\/Juli\/ErnteJuli\/Johannisbeeren.webp\" class=\"foobox\"><\/center> <\/p><\/blockquote><blockquote class=\"PWGP_caption\"><div class=\"PWGP_desc\">Im Sommer schmeckt ein erfrischender Milchshake mit Johannisbeeren, durch Zugabe von  etwas Vanillezucker oder p&uuml;rierten Bananen bekommt man ihn s&uuml;&szlig;\u009fer.<\/div><p><?php echo do_shortcode('[paypal_for_digital_goods name=\"Fotokauf\" price=\"4\" url=\"https:\/\/diwie.dynv6.net:81\/dyn\/full\/GartenundGardenAgenda\/Juli\/ErnteJuli\/Johannisbeeren.webp\" button_text=\"&euro;\"]');?><\/p><\/blockquote><h1>&nbsp;<\/h1><p> <\/p><blockquote class=\"PWGP_caption\"><h1><\/h1><p> <center><img decoding=\"async\" src=\"https:\/\/www.diwie.eu\/wordpress\/wp-content\/uploads\/GartenundGardenAgenda\/Juli\/ErnteJuli\/Ernte der Sommerimbeeren am Do. 18.07.2013 (2).webp\" class=\"foobox\"><\/center> <\/p><\/blockquote><blockquote class=\"PWGP_caption\"><div class=\"PWGP_desc\">Gie&szlig;\u009ft man Himbeeren regelm&auml;&szlig;\u009fig, werden die Fr&uuml;chte gr&ouml;&szlig;\u009fer. Staun&auml;sse vertragen sie jedoch nicht.<\/div><p><?php echo do_shortcode('[paypal_for_digital_goods name=\"Fotokauf\" price=\"4\" url=\"https:\/\/diwie.dynv6.net:81\/dyn\/full\/GartenundGardenAgenda\/Juli\/ErnteJuli\/Ernte der Sommerimbeeren am Do. 18.07.2013 (2).webp\" button_text=\"&euro;\"]');?><\/p><\/blockquote><h1>&nbsp;<\/h1><p> <\/p><blockquote class=\"PWGP_caption\"><h1>Kartoffeln ernten<\/h1><p> <center><img decoding=\"async\" src=\"https:\/\/www.diwie.eu\/wordpress\/wp-content\/uploads\/GartenundGardenAgenda\/Juli\/ErnteJuli\/Kartoffelernte am Di. 21.08.2012 (2).webp\" class=\"foobox\"><\/center> <\/p><\/blockquote><blockquote class=\"PWGP_caption\"><div class=\"PWGP_desc\">Ab Juli  erntet man sich jede Woche seine ben&ouml;tigte Portion an Kartoffeln. Mit der Grabgabel holt man die Pflanze heraus und sammelt alle Knollen bis auf die Mutterkartoffel. Sie unterscheidet sich durch ihre dunklere Farbe und ihr beginnendes verotten von den frischen Kartoffeln. <\/div><p><?php echo do_shortcode('[paypal_for_digital_goods name=\"Fotokauf\" price=\"4\" url=\"https:\/\/diwie.dynv6.net:81\/dyn\/full\/GartenundGardenAgenda\/Juli\/ErnteJuli\/Kartoffelernte am Di. 21.08.2012 (2).webp\" button_text=\"&euro;\"]');?><\/p><\/blockquote><h1>&nbsp;<\/h1><p> <\/p><blockquote class=\"PWGP_caption\"><h1>Zwiebelernte<\/h1><p> <center><img decoding=\"async\" src=\"https:\/\/www.diwie.eu\/wordpress\/wp-content\/uploads\/GartenundGardenAgenda\/Juli\/ErnteJuli\/Zwiebelernte.webp\" class=\"foobox\"><\/center> <\/p><\/blockquote><blockquote class=\"PWGP_caption\"><div class=\"PWGP_desc\">Die Zwiebeln sind reif, wenn das Laub anf&auml;ngt zu vergilben und sich selbst umlegt. Man erntet am besten an einem warmen sonnigen Tag. Sie werden aus der Erde gezogen und zum Trockenen f&uuml;r ca. 2 Wochen aufgeh&auml;ngt. Nur unbesch&auml;digte Zwiebeln werden eingelagert, besch&auml;digte k&ouml;nnen zeitnah verwendet werden.\n<\/div><p><?php echo do_shortcode('[paypal_for_digital_goods name=\"Fotokauf\" price=\"4\" url=\"https:\/\/diwie.dynv6.net:81\/dyn\/full\/GartenundGardenAgenda\/Juli\/ErnteJuli\/Zwiebelernte.webp\" button_text=\"&euro;\"]');?><\/p><\/blockquote><h1>&nbsp;<\/h1><p>\n<p>Allgemeine Arbeiten<br \/>\n\u2013 zweimal die Woche reichlich in den Morgenstunden gie\u00dfen<br \/>\n\u2013 regelm\u00e4\u00dfiges Unkraut j\u00e4ten<\/p>\n<p>S\u00e4en und pflanzen<br \/>\n\u2013 Nachsaat von Dill<\/p>\n<p>Erntekalender im Juli<br \/>\n\u2013 Zucchini (wenn noch < 15 cm) und Gurken regelm\u00e4\u00dfig ernten\n\u2013 Knoblauch ernten, wenn die Bl\u00e4tter gelb werden\n\u2013 Aprikosen\n\u2013 Salat\n\u2013 Blumenkohl\n\u2013 Erbsen, Bohnen\n\u2013 Erdbeeren\n\u2013 Himbeeren\n\u2013 Johannisbeeren\n\u2013 Pflaumen\n\u2013 Salatgurken\n\u2013 Sauerkirschen\n\u2013 S\u00fc\u00dfkirschen\n\u2013 Wirsing\n<\/p>\n","protected":false},"excerpt":{"rendered":"<p>Allgemeine Arbeiten \u2013 zweimal die Woche reichlich in den Morgenstunden gie\u00dfen \u2013 regelm\u00e4\u00dfiges Unkraut j\u00e4ten S\u00e4en und pflanzen \u2013 Nachsaat von Dill Erntekalender im Juli \u2013 Zucchini (wenn noch < 15 cm) und Gurken regelm\u00e4\u00dfig ernten \u2013 Knoblauch ernten, wenn die Bl\u00e4tter gelb werden \u2013 Aprikosen \u2013 Salat \u2013 Blumenkohl \u2013 Erbsen, Bohnen \u2013 Erdbeeren [&hellip;]\n<\/p>\n","protected":false},"author":1,"featured_media":-1,"parent":0,"menu_order":0,"comment_status":"closed","ping_status":"closed","template":"","meta":{"_bbp_topic_count":0,"_bbp_reply_count":0,"_bbp_total_topic_count":0,"_bbp_total_reply_count":0,"_bbp_voice_count":0,"_bbp_anonymous_reply_count":0,"_bbp_topic_count_hidden":0,"_bbp_reply_count_hidden":0,"_bbp_forum_subforum_count":0,"_crdt_document":"","rop_custom_images_group":[],"rop_custom_messages_group":[],"rop_publish_now":"initial","rop_publish_now_accounts":{"facebook_10157842446526608_172944659475038":""},"rop_publish_now_history":[],"rop_publish_now_status":"pending","ngg_post_thumbnail":0,"exifize_date":"","footnotes":""},"class_list":["bg-stuff"],"publishpress_future_action":{"enabled":false,"date":"2026-05-04 01:58:39","action":"change-status","newStatus":"draft","terms":[],"taxonomy":"","extraData":[]},"publishpress_future_workflow_manual_trigger":{"enabledWorkflows":[]},"_links":{"self":[{"href":"https:\/\/www.Diwie.eu\/wordpress\/wp-json\/wp\/v2\/pages\/105","targetHints":{"allow":["GET"]}}],"collection":[{"href":"https:\/\/www.Diwie.eu\/wordpress\/wp-json\/wp\/v2\/pages"}],"about":[{"href":"https:\/\/www.Diwie.eu\/wordpress\/wp-json\/wp\/v2\/types\/page"}],"author":[{"embeddable":true,"href":"https:\/\/www.Diwie.eu\/wordpress\/wp-json\/wp\/v2\/users\/1"}],"replies":[{"embeddable":true,"href":"https:\/\/www.Diwie.eu\/wordpress\/wp-json\/wp\/v2\/comments?post=105"}],"version-history":[{"count":0,"href":"https:\/\/www.Diwie.eu\/wordpress\/wp-json\/wp\/v2\/pages\/105\/revisions"}],"wp:featuredmedia":[{"embeddable":true,"href":"https:\/\/www.Diwie.eu\/wordpress\/wp-json\/"}],"wp:attachment":[{"href":"https:\/\/www.Diwie.eu\/wordpress\/wp-json\/wp\/v2\/media?parent=105"}],"curies":[{"name":"wp","href":"https:\/\/api.w.org\/{rel}","templated":true}]}}